{"id":3971,"date":"2018-05-24T22:08:49","date_gmt":"2018-05-24T20:08:49","guid":{"rendered":"http:\/\/www.mb-fotografie.de\/website\/?page_id=3971"},"modified":"2022-10-16T21:55:28","modified_gmt":"2022-10-16T19:55:28","slug":"datenschutz","status":"publish","type":"page","link":"https:\/\/www.mb-fotografie.de\/website\/datenschutz\/","title":{"rendered":"Datenschutz"},"content":{"rendered":"\t\t<div data-elementor-type=\"wp-page\" data-elementor-id=\"3971\" class=\"elementor elementor-3971\">\n\t\t\t\t\t\t<section class=\"elementor-section elementor-top-section elementor-element elementor-element-478178ff elementor-section-boxed elementor-section-height-default elementor-section-height-default\" data-id=\"478178ff\" data-element_type=\"section\" data-settings=\"{&quot;artale_ext_is_background_parallax&quot;:&quot;false&quot;,&quot;artale_ext_is_background_on_scroll&quot;:&quot;false&quot;}\">\n\t\t\t\t\t\t<div class=\"elementor-container elementor-column-gap-default\">\n\t\t\t\t\t<div class=\"elementor-column elementor-col-100 elementor-top-column elementor-element elementor-element-6a8afbb8\" data-id=\"6a8afbb8\" data-element_type=\"column\" data-settings=\"{&quot;artale_ext_link_sidemenu&quot;:&quot;false&quot;,&quot;artale_ext_link_fullmenu&quot;:&quot;false&quot;,&quot;artale_ext_link_closed_fullmenu&quot;:&quot;false&quot;,&quot;artale_ext_is_sticky&quot;:&quot;false&quot;,&quot;artale_ext_is_scrollme&quot;:&quot;false&quot;,&quot;artale_ext_is_smoove&quot;:&quot;false&quot;,&quot;artale_ext_is_parallax_mouse&quot;:&quot;false&quot;,&quot;artale_ext_is_infinite&quot;:&quot;false&quot;,&quot;artale_ext_is_fadeout_animation&quot;:&quot;false&quot;}\">\n\t\t\t<div class=\"elementor-widget-wrap elementor-element-populated\">\n\t\t\t\t\t\t<div class=\"elementor-element elementor-element-2453a14c elementor-widget elementor-widget-text-editor\" data-id=\"2453a14c\" data-element_type=\"widget\" data-settings=\"{&quot;artale_ext_link_sidemenu&quot;:&quot;false&quot;,&quot;artale_ext_link_fullmenu&quot;:&quot;false&quot;,&quot;artale_ext_link_closed_fullmenu&quot;:&quot;false&quot;,&quot;artale_ext_is_sticky&quot;:&quot;false&quot;,&quot;artale_ext_is_scrollme&quot;:&quot;false&quot;,&quot;artale_ext_is_smoove&quot;:&quot;false&quot;,&quot;artale_ext_is_parallax_mouse&quot;:&quot;false&quot;,&quot;artale_ext_is_infinite&quot;:&quot;false&quot;,&quot;artale_ext_is_fadeout_animation&quot;:&quot;false&quot;}\" data-widget_type=\"text-editor.default\">\n\t\t\t\t<div class=\"elementor-widget-container\">\n\t\t\t\t\t\t\t\t\t<h3 lang=\"zxx\" align=\"LEFT\">Datenschutzerkl\u00e4rung<\/h3>\n<p lang=\"zxx\" align=\"LEFT\"><span lang=\"zxx\">Die nachfolgende Datenschutzerkl\u00e4rung gilt f\u00fcr die Nutzung unseres Online-Angebots <a href=\"http:\/\/www.mb-fotografie.de\">www.mb-fotografie.de<\/a><\/span> <span lang=\"zxx\">(nachfolgend \u201eWebsite\u201c).<\/span><\/p>\n<p lang=\"zxx\" align=\"LEFT\">Wir messen dem Datenschutz gro\u00dfe Bedeutung bei. Die Erhebung und Verarbeitung Ihrer personenbezogenen Daten geschieht unter Beachtung der geltenden datenschutzrechtlichen Vorschriften, insbesondere der Datenschutzgrundverordnung (DSGVO).<\/p>\n<p lang=\"zxx\" align=\"LEFT\"><strong>1. Verantwortlicher<\/strong><\/p>\n<p lang=\"zxx\" align=\"LEFT\">Verantwortlicher f\u00fcr die Erhebung, Verarbeitung und Nutzung Ihrer personenbezogenen Daten im Sinne von Art. 4 Nr. 7 DSGVO ist<\/p>\n<p lang=\"zxx\" align=\"LEFT\">Marcus Braun<\/p>\n<p lang=\"zxx\" align=\"LEFT\">Heckenhartweg 9<\/p>\n<p lang=\"zxx\" align=\"LEFT\">72379 Hechingen<\/p>\n<p lang=\"zxx\" align=\"LEFT\">datenschutz(at)mb-fotografie.de<\/p><p lang=\"zxx\" align=\"LEFT\"><br><\/p>\n<p lang=\"zxx\" align=\"LEFT\">\n<\/p><p lang=\"zxx\" align=\"LEFT\">Sofern Sie der Erhebung, Verarbeitung oder Nutzung Ihrer Daten durch uns nach Ma\u00dfgabe dieser Datenschutzbestimmungen insgesamt oder f\u00fcr einzelne Ma\u00dfnahmen widersprechen wollen, k\u00f6nnen Sie Ihren Widerspruch an den Verantwortlichen richten.<\/p>\n<p lang=\"zxx\" align=\"LEFT\">Sie k\u00f6nnen diese Datenschutzerkl\u00e4rung jederzeit speichern und ausdrucken.<\/p>\n<p lang=\"zxx\" align=\"LEFT\"><strong>2. Allgemeine Zwecke der Verarbeitung<\/strong><\/p>\n<p lang=\"zxx\" align=\"LEFT\">Wir verwenden personenbezogene Daten zum Zweck des Betriebs der Website.<\/p>\n<p lang=\"zxx\" align=\"LEFT\"><strong>3. Welche Daten wir verwenden und warum<\/strong><\/p>\n<p lang=\"zxx\" align=\"LEFT\"><em>3.1 Hosting<\/em><\/p>\n<p lang=\"zxx\" align=\"LEFT\">Die von uns in Anspruch genommenen Hosting-Leistungen dienen der Zurverf\u00fcgungstellung der folgenden Leistungen: Infrastruktur- und Plattformdienstleistungen, Rechenkapazit\u00e4t, Speicherplatz und Datenbankdienste, Sicherheitsleistungen sowie technische Wartungsleistungen, die wir zum Zweck des Betriebs der Website einsetzen.<\/p>\n<p align=\"LEFT\"><span lang=\"zxx\">Hierbei verarbeiten wir, bzw. unser Hostinganbieter Bestandsdaten, Kontaktdaten, Inhaltsdaten, Vertragsdaten, Nutzungsdaten, Meta- und Kommunikationsdaten von Kunden, Interessenten und Besuchern dieser Website auf Grundlage unserer berechtigten Interessen an einer effizienten und sicheren Zurverf\u00fcgungstellung unserer Website gem. Art. <\/span><a href=\"https:\/\/dejure.org\/gesetze\/DSGVO\/6.html\"><span lang=\"zxx\">6<\/span><\/a><span lang=\"zxx\"> Abs. 1 S. 1 f) DSGVO i.V.m. Art. <\/span><a href=\"https:\/\/dejure.org\/gesetze\/DSGVO\/28.html\"><span lang=\"zxx\">28<\/span><\/a><span lang=\"zxx\"> DSGVO.<\/span><\/p>\n<p lang=\"zxx\" align=\"LEFT\"><em>3.2 Zugriffsdaten<\/em><\/p>\n<p lang=\"zxx\" align=\"LEFT\">Wir sammeln Informationen \u00fcber Sie, wenn Sie diese Website nutzen. Wir erfassen automatisch Informationen \u00fcber Ihr Nutzungsverhalten und Ihre Interaktion mit uns und registrieren Daten zu Ihrem Computer oder Mobilger\u00e4t. Wir erheben, speichern und nutzen Daten \u00fcber jeden Zugriff auf unsere Website (sogenannte Serverlogfiles). Zu den Zugriffsdaten geh\u00f6ren:<\/p>\n<ul>\n<li>\n<p lang=\"zxx\" align=\"LEFT\">Name und URL der abgerufenen Datei<\/p>\n<\/li>\n<li>\n<p lang=\"zxx\" align=\"LEFT\">Datum und Uhrzeit des Abrufs<\/p>\n<\/li>\n<li>\n<p lang=\"zxx\" align=\"LEFT\">\u00fcbertragene Datenmenge<\/p>\n<\/li>\n<li>\n<p lang=\"zxx\" align=\"LEFT\">Meldung \u00fcber erfolgreichen Abruf (HTTP response code)<\/p>\n<\/li>\n<li>\n<p lang=\"zxx\" align=\"LEFT\">Browsertyp und Browserversion<\/p>\n<\/li>\n<li>\n<p lang=\"zxx\" align=\"LEFT\">Betriebssystem<\/p>\n<\/li>\n<li>\n<p lang=\"zxx\" align=\"LEFT\">Referer URL (d.h. die zuvor besuchte Seite)<\/p>\n<\/li>\n<li>\n<p lang=\"zxx\" align=\"LEFT\">Websites, die vom System des Nutzers \u00fcber unsere Website aufgerufen werden<\/p>\n<\/li>\n<li>\n<p lang=\"zxx\" align=\"LEFT\">Internet-Service-Provider des Nutzers<\/p>\n<\/li>\n<li>\n<p lang=\"zxx\" align=\"LEFT\">IP-Adresse und der anfragende Provider<\/p>\n<\/li>\n<\/ul>\n<p lang=\"zxx\" align=\"LEFT\">Wir nutzen diese Protokolldaten ohne Zuordnung zu Ihrer Person oder sonstiger Profilerstellung f\u00fcr statistische Auswertungen zum Zweck des Betriebs, der Sicherheit und der Optimierung unserer Website, aber auch zur anonymen Erfassung der Anzahl der Besucher auf unserer Website (traffic) sowie zum Umfang und zur Art der Nutzung unserer Website und Dienste, ebenso zu Abrechnungszwecken, um die Anzahl der von Kooperationspartnern erhaltenen Clicks zu messen. Aufgrund dieser Informationen k\u00f6nnen wir personalisierte und standortbezogene Inhalte zur Verf\u00fcgung stellen und den Datenverkehr analysieren, Fehler suchen und beheben und unsere Dienste verbessern.<\/p>\n<p lang=\"zxx\" align=\"LEFT\">Hierin liegt auch unser berechtigtes Interesse gem\u00e4\u00df Art 6 Abs. 1 S. 1 f) DSGVO.<\/p>\n<p lang=\"zxx\" align=\"LEFT\">Wir behalten uns vor, die Protokolldaten nachtr\u00e4glich zu \u00fcberpr\u00fcfen, wenn aufgrund konkreter Anhaltspunkte der berechtigte Verdacht einer rechtswidrigen Nutzung besteht. IP-Adressen speichern wir f\u00fcr einen begrenzten Zeitraum in den Logfiles, wenn dies f\u00fcr Sicherheitszwecke erforderlich oder f\u00fcr die Leistungserbringung oder die Abrechnung einer Leistung n\u00f6tig ist, z. B. wenn Sie eines unserer Angebote nutzen. Nach Abbruch des Vorgangs der Bestellung oder nach Zahlungseingang l\u00f6schen wir die IP-Adresse, wenn diese f\u00fcr Sicherheitszwecke nicht mehr erforderlich ist. IP-Adressen speichern wir auch dann, wenn wir den konkreten Verdacht einer Straftat im Zusammenhang mit der Nutzung unserer Website haben. Au\u00dferdem speichern wir als Teil Ihres Accounts das Datum Ihres letzten Besuchs (z.B. bei Registrierung, Login, Klicken von Links etc.).<\/p>\n<p lang=\"zxx\" align=\"LEFT\"><em>3.3 Cookies<\/em><\/p>\n<p lang=\"zxx\" align=\"LEFT\">Wir verwenden sogenannte Session-Cookies, um unsere Website zu optimieren. Ein Session-Cookie ist eine kleine Textdatei, die von den jeweiligen Servern beim Besuch einer Internetseite verschickt und auf Ihrer Festplatte zwischengespeichert wird. Diese Datei als solche enth\u00e4lt eine sogenannte Session-ID, mit welcher sich verschiedene Anfragen Ihres Browsers der gemeinsamen Sitzung zuordnen lassen. Dadurch kann Ihr Rechner wiedererkannt werden, wenn Sie auf unsere Website zur\u00fcckkehren. Diese Cookies werden gel\u00f6scht, nachdem Sie Ihren Browser schlie\u00dfen. Sie dienen z. B. dazu, dass Sie die Warenkorbfunktion \u00fcber mehrere Seiten hinweg nutzen k\u00f6nnen.<\/p>\n<p lang=\"zxx\" align=\"LEFT\">Wir verwenden in geringem Umfang auch persistente Cookies (ebenfalls kleine Textdateien, die auf Ihrem Endger\u00e4t abgelegt werden), die auf Ihrem Endger\u00e4t verbleiben und es uns erm\u00f6glichen, Ihren Browser beim n\u00e4chsten Besuch wiederzuerkennen. Diese Cookies werden auf Ihrer Festplatte gespeichert und l\u00f6schen sich nach der vorgegebenen Zeit von allein. Ihre Lebensdauer betr\u00e4gt 1 Monat bis 10 Jahre. So k\u00f6nnen wir Ihnen unser Angebot nutzerfreundlicher, effektiver und sicherer pr\u00e4sentieren und Ihnen beispielsweise speziell auf Ihre Interessen abgestimmte Informationen auf der Seite anzeigen.<\/p>\n<p lang=\"zxx\" align=\"LEFT\">Unser berechtigtes Interesse an der Nutzung der Cookies gem\u00e4\u00df Art 6 Abs. 1 S. 1 f) DSGVO liegt darin, unsere Website nutzerfreundlicher, effektiver und sicherer zu machen.<\/p>\n<p lang=\"zxx\" align=\"LEFT\">In den Cookies werden etwa folgende Daten und Informationen gespeichert:<\/p>\n<ul>\n<li>\n<p lang=\"zxx\" align=\"LEFT\">Log-In-Informationen<\/p>\n<\/li>\n<li>\n<p lang=\"zxx\" align=\"LEFT\">Spracheinstellungen<\/p>\n<\/li>\n<li>\n<p lang=\"zxx\" align=\"LEFT\">eingegebene Suchbegriffe<\/p>\n<\/li>\n<li>\n<p lang=\"zxx\" align=\"LEFT\">Informationen \u00fcber die Anzahl der Aufrufe unserer Website sowie Nutzung einzelner Funktionen unseres Internetauftritts.<\/p>\n<\/li>\n<\/ul>\n<p lang=\"zxx\" align=\"LEFT\">Bei Aktivierung des Cookies wird diesem eine Identifikationsnummer zugewiesen und eine Zuordnung Ihrer personenbezogenen Daten zu dieser Identifikationsnummer wird nicht vorgenommen. Ihr Name, Ihre IP-Adresse oder \u00e4hnliche Daten, die eine Zuordnung des Cookies zu Ihnen erm\u00f6glichen w\u00fcrden, werden nicht in den Cookie eingelegt. Auf Basis der Cookie-Technologie erhalten wir lediglich pseudonymisierte Informationen, beispielsweise dar\u00fcber, welche Seiten unseres Shops besucht wurden, welche Produkte angesehen wurden, etc.<\/p>\n<p lang=\"zxx\" align=\"LEFT\">Sie k\u00f6nnen Ihren Browser so einstellen, dass Sie \u00fcber das Setzen von Cookies informiert werden und einzeln \u00fcber deren Annahme entscheiden oder die Annahme von Cookies f\u00fcr bestimmte F\u00e4lle oder generell ausschlie\u00dfen. Jeder Browser unterscheidet sich in der Art, wie er die Cookie-Einstellungen verwaltet. Diese ist in dem Hilfemen\u00fc jedes Browsers beschrieben, welches Ihnen erl\u00e4utert, wie Sie Ihre Cookie-Einstellungen \u00e4ndern k\u00f6nnen.<\/p>\n<p lang=\"zxx\" align=\"LEFT\">Diese finden Sie f\u00fcr die jeweiligen Browser unter den folgenden Links:<br>\nInternet Explorer\u2122: http:\/\/windows.microsoft.com\/de-DE\/windows-vista\/Block-or-allow-cookies<br>\nSafari\u2122: https:\/\/support.apple.com\/kb\/ph21411?locale=de_DE<br>\nChrome\u2122: http:\/\/support.google.com\/chrome\/bin\/answer.py?hl=de&amp;hlrm=en&amp;answer=95647<br>\nFirefox\u2122: https:\/\/support.mozilla.org\/de\/kb\/cookies-erlauben-und-ablehnen<br>\nOpera\u2122 : http:\/\/help.opera.com\/Windows\/10.20\/de\/cookies.html<\/p>\n<p lang=\"zxx\" align=\"LEFT\"><em>3.4 Daten zur Erf\u00fcllung unserer vertraglichen Pflichten<\/em><\/p>\n<p lang=\"zxx\" align=\"LEFT\">Wir verarbeiten personenbezogene Daten, die wir zur Erf\u00fcllung unserer&nbsp;vertraglichen Pflichten ben\u00f6tigen, etwa Name, Adresse, E-Mail-Adresse,&nbsp;&nbsp;bestellte Produkte, Rechnungs- und Zahlungsdaten. Die Erhebung dieser Daten ist f\u00fcr den Vertragsschluss erforderlich.<\/p>\n<p lang=\"zxx\" align=\"LEFT\">Die L\u00f6schung der Daten erfolgt nach Ablauf der Gew\u00e4hrleistungsfristen und gesetzlicher Aufbewahrungsfristen. Daten, die mit einem Nutzerkonto verkn\u00fcpft sind (siehe unten), bleiben in jedem Fall f\u00fcr die Zeit der F\u00fchrung dieses Kontos erhalten.<\/p>\n<p lang=\"zxx\" align=\"LEFT\">Die Rechtgrundlage f\u00fcr die Verarbeitung dieser Daten ist Art. 6 Abs. 1 S. 1 b) DSGVO, denn diese Daten werden ben\u00f6tigt, damit wir unsere vertraglichen Pflichten Ihnen gegen\u00fcber erf\u00fcllen k\u00f6nnen.<\/p>\n<p lang=\"zxx\" align=\"LEFT\"><em>3.5 Newsletter<\/em><\/p>\n<p lang=\"zxx\" align=\"LEFT\">Zur Anmeldung f\u00fcr den Newsletter werden die im Anmeldeprozess abgefragten Daten ben\u00f6tigt. Die Anmeldung zum Newsletter wird protokolliert. Nach der Anmeldung erhalten sie auf die angegebene Emailadresse eine Nachricht, in der Sie um die Best\u00e4tigung der Anmeldung gebeten werden (&#8220;Double Opt-in&#8221;). Das ist notwendig, damit sich nicht Dritte mit ihrer Emailadresse anmelden k\u00f6nnen.<\/p>\n<p lang=\"zxx\" align=\"LEFT\">Sie k\u00f6nnen jederzeit Ihre Einwilligung zum Empfang des Newsletters widerrufen und somit den Newsletter abbestellen.<\/p>\n<p lang=\"zxx\" align=\"LEFT\">Wir speichern die Anmeldedaten solange diese f\u00fcr den Versand des Newsletters ben\u00f6tigt werden. Die Protokollierung der Anmeldung und die Versandadresse speichern wir, solange ein Interesse am Nachweis der urspr\u00fcnglich gegebenen Einwilligung bestand, in der Regel sind das die Verj\u00e4hrungsfristen f\u00fcr zivilrechtliche Anspr\u00fcche, mithin maximal drei Jahre.<\/p>\n<p lang=\"zxx\" align=\"LEFT\">Rechtsgrundlage f\u00fcr den Versand des Newsletters ist Ihre Einwilligung gem. Art. 6 Abs. 1 S. 1 a) iVm Art. 7 DSGVO iVm \u00a7 7 Abs. 2 Nr. 3 UWG. Rechtsgrundlage f\u00fcr die Protokollierung der Anmeldung ist unser berechtigtes Interesse am Nachweis, dass der Versand mit Ihrer Einwilligung vorgenommen wurde.<\/p>\n<p lang=\"zxx\" align=\"LEFT\">Sie k\u00f6nnen die Anmeldung jederzeit r\u00fcckg\u00e4ngig machen, ohne dass hierf\u00fcr andere als die \u00dcbermittlungskosten nach den Basistarifen entstehen. Eine Mitteilung in Textform an die unter Ziffer 1 genannten Kontaktdaten (z.B. E-Mail, Fax, Brief) reicht hierf\u00fcr aus. Selbstverst\u00e4ndlich finden Sie auch in jedem Newsletter einen Abmelde-Link.<\/p>\n<p lang=\"zxx\" align=\"LEFT\"><em>3.6 Kommentarfunktion auf dieser Website<\/em><\/p>\n<p>F\u00fcr die Kommentarfunktion auf dieser Seite werden neben Ihrem Kommentar auch Angaben zum Zeitpunkt der Erstellung des Kommentars, Ihre E-Mail-Adresse und, wenn Sie nicht anonym posten, der von Ihnen gew\u00e4hlte Nutzername gespeichert.<\/p>\n<p>Speicherung der IP-Adresse<\/p>\n<p>Unsere Kommentarfunktion speichert die IP-Adressen der Nutzer, die Kommentare verfassen. Die IP-Adressen werden auf Grundlage unserer berechtigten Interessen im Sinne des&nbsp;&nbsp;Art. 6 Abs. 1 lit. f. DSGVO f\u00fcr 7 Tage gespeichert. Wir ben\u00f6tigen wir diese Daten, um im Falle von Rechtsverletzungen wie Beleidigungen oder Propaganda gegen den Verfasser vorgehen zu k\u00f6nnen.<\/p>\n<p>Abonnieren von Kommentaren<\/p>\n<p>Als Nutzer der Seite k\u00f6nnen Sie nach einer Anmeldung Kommentare abonnieren. Sie erhalten eine Best\u00e4tigungsemail, um zu pr\u00fcfen, ob Sie der Inhaber der angegebenen E-Mail-Adresse sind. Sie k\u00f6nnen diese Funktion jederzeit \u00fcber einen Link in den Info-Mails abbestellen. Die im Rahmen des Abonnierens von Kommentaren eingegebenen Daten werden in diesem Fall gel\u00f6scht; wenn Sie diese Daten f\u00fcr andere Zwecke und an anderer Stelle (z.B. Newsletterbestellung) an uns \u00fcbermittelt haben, verbleiben die jedoch bei uns.<\/p>\n<p>Speicherdauer der Kommentare<\/p>\n<p>Die Kommentare und die damit verbundenen Daten (z.B. IP-Adresse) werden gespeichert und verbleiben auf unserer Website, bis der kommentierte Inhalt vollst\u00e4ndig gel\u00f6scht wurde oder die Kommentare aus rechtlichen Gr\u00fcnden gel\u00f6scht werden m\u00fcssen (z.B. beleidigende Kommentare).<\/p>\n<p>Rechtsgrundlage<\/p>\n<p>Die Speicherung der Kommentare erfolgt auf Grundlage Ihrer Einwilligung (Art. 6 Abs. 1 lit. a DSGVO). Sie k\u00f6nnen eine von Ihnen erteilte Einwilligung jederzeit widerrufen. Dazu reicht eine formlose Mitteilung per E-Mail an uns. Die Rechtm\u00e4\u00dfigkeit der bereits erfolgten Datenverarbeitungsvorg\u00e4nge bleibt vom Widerruf unber\u00fchrt.<\/p>\n<p lang=\"zxx\" align=\"LEFT\"><em>3.7 E-Mail Kontakt<\/em><\/p>\n<p lang=\"zxx\" align=\"LEFT\">Wenn Sie mit uns in Kontakt treten (z. B. per Kontaktformular oder E-Mail), verarbeiten wir Ihre Angaben zur Bearbeitung der Anfrage sowie f\u00fcr den Fall, dass Anschlussfragen entstehen.<\/p>\n<p lang=\"zxx\" align=\"LEFT\">Erfolgt die Datenverarbeitung zur Durchf\u00fchrung vorvertraglicher Ma\u00dfnahmen, die auf Ihre Anfrage hin erfolgen, bzw., wenn Sie bereits unser Kunde sind, zur Durchf\u00fchrung des Vertrages, ist Rechtsgrundlage f\u00fcr diese Datenverarbeitung Art. 6 Abs. 1 S. 1 b) DSGVO. Weitere personenbezogene Daten <span lang=\"de-DE\">verarbeiten <\/span>wir nur, wenn Sie dazu einwilligen <span lang=\"de-DE\">(<\/span>Art. 6 Abs. 1 <span lang=\"de-DE\">S<\/span>.<span lang=\"de-DE\"> 1<\/span> <span lang=\"de-DE\">a<\/span>) DSGVO<span lang=\"de-DE\">) <\/span>oder <span lang=\"de-DE\">wir ein berechtigtes Interesse an der Verarbeitung Ihrer Daten haben (<\/span>Art. 6 Abs. 1 <span lang=\"de-DE\">S<\/span>.<span lang=\"de-DE\"> 1<\/span> <span lang=\"de-DE\">f<\/span>) DSGVO<span lang=\"de-DE\">)<\/span>.<span lang=\"de-DE\"> Ein berechtigtes Interesse liegt z. B. darin, auf Ihre E-Mail zu antworten.<\/span><\/p>\n<p lang=\"zxx\" align=\"LEFT\"><strong><span lang=\"de-DE\">4. Verwendung von Google Web Fonts<\/span><\/strong><\/p>\n<p>Unsere Webseite nutzt zur besseren Darstellung von Schriftarten so genannte Web Fonts, die von Google bereitgestellt werden. Beim Aufruf einer Seite l\u00e4dt Ihr Browser mitunter die ben\u00f6tigten Web Fonts in ihren Browsercache, um Texte und Schriftarten ansprechend anzuzeigen.<\/p>\n<p>Zu diesem Zweck wird Ihr Browser eine Verbindung zu den Servern von Google aufnehmen. Hierdurch erlangt Google Kenntnis dar\u00fcber, dass \u00fcber Ihre IP-Adresse unsere Website aufgerufen wurde. Die Nutzung von Google Web Fonts erfolgt im Interesse einer einheitlichen und optisch ansprechenden Darstellung unserer Webseite. Dies stellt ein berechtigtes Interesse im Sinne von Art. 6 Abs. 1 lit. f DSGVO dar. Sollte Ihr Browser Web Fonts nicht unterst\u00fctzen, wird eine Standardschrift Ihres Computer genutzt.<\/p>\n<p lang=\"de-DE\" align=\"LEFT\"><strong>5. Speicherdauer<\/strong><\/p>\n<p lang=\"de-DE\" align=\"LEFT\">Sofern nicht spezifisch angegeben speichern wir personenbezogene Daten nur so lange, wie dies zur Erf\u00fcllung der verfolgten Zwecke notwendig ist.<\/p>\n<p align=\"LEFT\">In einigen F\u00e4llen sieht der Gesetzgeber die Aufbewahrung von<span lang=\"de-DE\"> personenbezogenen<\/span> Daten vor, etwa im Steuer- oder Handelsrecht. In diesen F\u00e4llen werden die Daten von uns lediglich f\u00fcr diese gesetzlichen Zwecke weiter gespeichert<span lang=\"de-DE\">,<\/span> aber nicht anderweitig verarbeitet und nach Ablauf der gesetzlichen Aufbewahrungsfrist gel\u00f6scht.<\/p>\n<p align=\"LEFT\"><strong>6. Ihre Rechte als von der Datenverarbeitung Betroffener<\/strong><\/p>\n<p align=\"LEFT\"><span lang=\"de-DE\">Nach den anwendbaren Gesetzen haben Sie verschiedene Rechte bez\u00fcglich Ihrer personenbezogenen Daten. M\u00f6chten Sie diese Rechte geltend machen, so <\/span>richten Sie Ihre Anfrage bitte per E-Mail oder per Post unter eindeutiger Identifizierung Ihrer Person an die in Ziffer <span lang=\"de-DE\">1<\/span> genannte Adresse.<\/p>\n<p lang=\"de-DE\" align=\"LEFT\">Nachfolgend finden Sie eine \u00dcbersicht \u00fcber Ihre Rechte.<\/p>\n<p lang=\"de-DE\" align=\"LEFT\"><em>6.1 Recht auf Best\u00e4tigung und Auskunft<\/em><\/p>\n<p align=\"LEFT\">Sie haben das Recht auf eine \u00fcbersichtliche Auskunft \u00fcber die Verarbeitung Ihrer personenbezogenen Daten.<\/p>\n<p align=\"LEFT\">Im Einzelnen:<\/p>\n<p lang=\"de-DE\" align=\"LEFT\">Sie haben jederzeit das Recht, von uns eine Best\u00e4tigung dar\u00fcber zu erhalten, ob Sie betreffende personenbezogene Daten verarbeitet werden. Ist dies der Fall, so haben Sie das Recht, von uns eine unentgeltliche Auskunft \u00fcber die zu Ihnen gespeicherten personenbezogenen Daten nebst einer Kopie dieser Daten zu verlangen. Des Weiteren besteht ein Recht auf folgende Informationen:<\/p>\n<ul>\n<li>\n<p align=\"LEFT\">die Verarbeitungszwecke;<\/p>\n<\/li>\n<li>\n<p align=\"LEFT\">die Kategorien personenbezogener Daten, die verarbeitet werden;<\/p>\n<\/li>\n<li>\n<p align=\"LEFT\">die Empf\u00e4nger oder Kategorien von Empf\u00e4ngern, gegen\u00fcber denen die personenbezogenen Daten offengelegt worden sind oder noch offengelegt werden, insbesondere bei Empf\u00e4ngern in Drittl\u00e4ndern oder bei internationalen Organisationen;<\/p>\n<\/li>\n<li>\n<p align=\"LEFT\">falls m\u00f6glich<span lang=\"de-DE\">,<\/span> die geplante Dauer, f\u00fcr die die personenbezogenen Daten gespeichert werden, oder, falls dies nicht m\u00f6glich ist, die Kriterien f\u00fcr die Festlegung dieser Dauer;<\/p>\n<\/li>\n<li>\n<p align=\"LEFT\">das Bestehen eines Rechts auf Berichtigung oder L\u00f6schung der <span lang=\"de-DE\">S<\/span>ie betreffenden personenbezogenen Daten oder auf Einschr\u00e4nkung der Verarbeitung durch den Verantwortlichen oder eines Widerspruchsrechts gegen diese Verarbeitung;<\/p>\n<\/li>\n<li>\n<p align=\"LEFT\">das Bestehen eines Beschwerderechts bei einer Aufsichtsbeh\u00f6rde;<\/p>\n<\/li>\n<li>\n<p align=\"LEFT\">wenn die personenbezogenen Daten nicht bei <span lang=\"de-DE\">Ihnen<\/span> erhoben werden, alle verf\u00fcgbaren Informationen \u00fcber die Herkunft der Daten;<\/p>\n<\/li>\n<li>\n<p align=\"LEFT\">das Bestehen einer automatisierten Entscheidungsfindung einschlie\u00dflich Profiling gem\u00e4\u00df&nbsp;<a href=\"https:\/\/dsgvo-gesetz.de\/art-22-dsgvo\/\"><span lang=\"de-DE\">Art.<\/span><\/a><a href=\"https:\/\/dsgvo-gesetz.de\/art-22-dsgvo\/\"> 22<\/a>&nbsp;<span lang=\"de-DE\">Abs.<\/span> 1 und 4 DSGVO und \u2013 zumindest in diesen F\u00e4llen \u2013 aussagekr\u00e4ftige Informationen \u00fcber die involvierte Logik sowie die Tragweite und die angestrebten Auswirkungen einer derartigen Verarbeitung f\u00fcr <span lang=\"de-DE\">Sie<\/span>.<\/p>\n<\/li>\n<\/ul>\n<p align=\"LEFT\">Werden personenbezogene Daten an ein Drittland oder an eine internationale Organisation \u00fcbermittelt, so <span lang=\"de-DE\">haben Sie<\/span> das Recht, \u00fcber die geeigneten Garantien gem\u00e4\u00df Art<span lang=\"de-DE\">.<\/span> 46 DSGVO im Zusammenhang mit der \u00dcbermittlung unterrichtet zu werden.<\/p>\n<p lang=\"de-DE\" align=\"LEFT\"><em>6.2 Recht auf Berichtigung<\/em><\/p>\n<p align=\"LEFT\">Sie haben das Recht, von uns die Berichtigung und ggf. auch Vervollst\u00e4ndigung Sie betreffender personenbezogener Daten zu verlangen.<\/p>\n<p align=\"LEFT\">Im Einzelnen:<\/p>\n<p align=\"LEFT\"><span lang=\"de-DE\">Sie haben<\/span> das Recht, von <span lang=\"de-DE\">uns<\/span> unverz\u00fcglich die Berichtigung <span lang=\"de-DE\">S<\/span>ie betreffender unrichtiger personenbezogener Daten zu verlangen. Unter Ber\u00fccksichtigung der Zwecke der <span lang=\"de-DE\">Verarbeitung haben Sie<\/span> das Recht, die Vervollst\u00e4ndigung unvollst\u00e4ndiger personenbezogener Daten \u2013 auch mittels einer erg\u00e4nzenden Erkl\u00e4rung \u2013 zu verlangen.<\/p>\n<p lang=\"de-DE\" align=\"LEFT\"><em>6.3 Recht auf L\u00f6schung (&#8220;Recht auf Vergessenwerden&#8221;)<\/em><\/p>\n<p align=\"LEFT\">In einer Reihe von F\u00e4llen sind wir verpflichtet, Sie betreffende personenbezogene Daten zu l\u00f6schen.<\/p>\n<p align=\"LEFT\">Im Einzelnen:<\/p>\n<p align=\"LEFT\"><span lang=\"de-DE\">Sie haben<\/span> <span lang=\"de-DE\">gem\u00e4\u00df Art. 17 Abs. 1 DSGVO <\/span>das Recht, von <span lang=\"de-DE\">uns<\/span> zu verlangen, dass <span lang=\"de-DE\">S<\/span>ie betreffende personenbezogene Daten unverz\u00fcglich gel\u00f6scht werden, und wir sind verpflichtet, personenbezogene Daten unverz\u00fcglich zu l\u00f6schen, sofern einer der folgenden Gr\u00fcnde zutrifft:<\/p>\n<ul>\n<li>\n<p align=\"LEFT\">Die personenbezogenen Daten sind f\u00fcr die Zwecke, f\u00fcr die sie erhoben oder auf sonstige Weise verarbeitet wurden, nicht mehr notwendig.<\/p>\n<\/li>\n<li>\n<p align=\"LEFT\">Sie widerrufen Ihre Einwilligung, auf die sich die Verarbeitung gem\u00e4\u00df&nbsp;<a href=\"https:\/\/dsgvo-gesetz.de\/art-6-dsgvo\/\">Art<\/a><a href=\"https:\/\/dsgvo-gesetz.de\/art-6-dsgvo\/\"><span lang=\"de-DE\">.<\/span><\/a><a href=\"https:\/\/dsgvo-gesetz.de\/art-6-dsgvo\/\"> 6<\/a>&nbsp;Abs<span lang=\"de-DE\">.<\/span> 1<span lang=\"de-DE\"> S. 1<\/span> a<span lang=\"de-DE\">)<\/span> DSGVO oder&nbsp;<a href=\"https:\/\/dsgvo-gesetz.de\/art-9-dsgvo\/\">Art<\/a><a href=\"https:\/\/dsgvo-gesetz.de\/art-9-dsgvo\/\"><span lang=\"de-DE\">.<\/span><\/a><a href=\"https:\/\/dsgvo-gesetz.de\/art-9-dsgvo\/\"> 9<\/a>&nbsp;Abs<span lang=\"de-DE\">.<\/span> 2 a<span lang=\"de-DE\">)<\/span> DSGVO st\u00fctzte, und es fehlt an einer anderweitigen Rechtsgrundlage f\u00fcr die Verarbeitung.<\/p>\n<\/li>\n<li>\n<p align=\"LEFT\">Sie legen gem\u00e4\u00df&nbsp;<a href=\"https:\/\/dsgvo-gesetz.de\/art-21-dsgvo\/\">Art<\/a><a href=\"https:\/\/dsgvo-gesetz.de\/art-21-dsgvo\/\"><span lang=\"de-DE\">.<\/span><\/a><a href=\"https:\/\/dsgvo-gesetz.de\/art-21-dsgvo\/\"> 21<\/a>&nbsp;Abs<span lang=\"de-DE\">.<\/span> 1 DSGVO Widerspruch gegen die Verarbeitung ein und es liegen keine vorrangigen berechtigten Gr\u00fcnde f\u00fcr die Verarbeitung vor, oder Sie legen gem\u00e4\u00df&nbsp;<a href=\"https:\/\/dsgvo-gesetz.de\/art-21-dsgvo\/\">Art<\/a><a href=\"https:\/\/dsgvo-gesetz.de\/art-21-dsgvo\/\"><span lang=\"de-DE\">.<\/span><\/a><a href=\"https:\/\/dsgvo-gesetz.de\/art-21-dsgvo\/\"> 21<\/a>&nbsp;Abs<span lang=\"de-DE\">.<\/span> 2 DSGVO Widerspruch gegen die Verarbeitung ein.<\/p>\n<\/li>\n<li>\n<p align=\"LEFT\">Die personenbezogenen Daten wurden unrechtm\u00e4\u00dfig verarbeitet.<\/p>\n<\/li>\n<li>\n<p align=\"LEFT\">Die L\u00f6schung der personenbezogenen Daten ist zur Erf\u00fcllung einer rechtlichen Verpflichtung nach dem Unionsrecht oder dem Recht der Mitgliedstaaten erforderlich, dem wir unterliegen.<\/p>\n<\/li>\n<li>\n<p align=\"LEFT\">Die personenbezogenen Daten wurden in Bezug auf angebotene Dienste der Informationsgesellschaft gem\u00e4\u00df&nbsp;<a href=\"https:\/\/dsgvo-gesetz.de\/art-8-dsgvo\/\">Art<\/a><a href=\"https:\/\/dsgvo-gesetz.de\/art-8-dsgvo\/\"><span lang=\"de-DE\">.<\/span><\/a><a href=\"https:\/\/dsgvo-gesetz.de\/art-8-dsgvo\/\"> 8<\/a>&nbsp;Abs<span lang=\"de-DE\">.<\/span> 1 DSGVO erhoben.<\/p>\n<\/li>\n<\/ul>\n<p align=\"LEFT\"><span lang=\"de-DE\">Haben wir<\/span> die personenbezogenen Daten \u00f6ffentlich gemacht und <span lang=\"de-DE\">sind wir<\/span> gem\u00e4\u00df <span lang=\"de-DE\">Art. 17 Abs. 1 DSGVO <\/span>zu deren L\u00f6schung verpflichtet, so <span lang=\"de-DE\">treffen wir<\/span> unter Ber\u00fccksichtigung der verf\u00fcgbaren Technologie und der Implementierungskosten angemessene Ma\u00dfnahmen, auch technischer Art, um f\u00fcr die Datenverarbeitung Verantwortliche, die die personenbezogenen Daten verarbeiten, dar\u00fcber zu informieren, dass <span lang=\"de-DE\">Sie<\/span> von ihnen die L\u00f6schung aller Links zu diesen personenbezogenen Daten oder von Kopien oder Replikationen dieser personenbezogenen Daten verlangt ha<span lang=\"de-DE\">ben<\/span>.<\/p>\n<p lang=\"de-DE\" align=\"LEFT\"><em>6.4 Recht auf Einschr\u00e4nkung der Verarbeitung<\/em><\/p>\n<p align=\"LEFT\">In einer Reihe von F\u00e4llen sind Sie berechtigt, von uns eine Einschr\u00e4nkung der Verarbeitung Ihrer personenbezogenen Daten zu verlangen.<\/p>\n<p align=\"LEFT\">Im Einzelnen:<\/p>\n<p align=\"LEFT\"><span lang=\"de-DE\">Sie haben<\/span> das Recht, von <span lang=\"de-DE\">uns<\/span> die Einschr\u00e4nkung der Verarbeitung zu verlangen, wenn eine der folgenden Voraussetzungen gegeben ist:<\/p>\n<ul>\n<li>\n<p align=\"LEFT\">die Richtigkeit der personenbezogenen Daten <span lang=\"de-DE\">wird von Ihnen<\/span> bestritten, und zwar f\u00fcr eine Dauer, die es <span lang=\"de-DE\">uns<\/span> erm\u00f6glicht, die Richtigkeit der personenbezogenen Daten zu \u00fcberpr\u00fcfen,<\/p>\n<\/li>\n<li>\n<p align=\"LEFT\">die Verarbeitung unrechtm\u00e4\u00dfig ist und <span lang=\"de-DE\">Sie<\/span> die L\u00f6schung der personenbezogenen Daten ablehnt<span lang=\"de-DE\">en <\/span>und stattdessen die Einschr\u00e4nkung der Nutzung der personenbezogenen Daten verlangt<span lang=\"de-DE\"> haben<\/span>;<\/p>\n<\/li>\n<li>\n<p align=\"LEFT\">wir die personenbezogenen Daten f\u00fcr die Zwecke der Verarbeitung nicht l\u00e4nger ben\u00f6tigen, Sie die Daten jedoch zur Geltendmachung, Aus\u00fcbung oder Verteidigung von Rechtsanspr\u00fcchen ben\u00f6tigen, oder<\/p>\n<\/li>\n<li>\n<p align=\"LEFT\">Sie Widerspruch gegen die Verarbeitung gem\u00e4\u00df&nbsp;<a href=\"https:\/\/dsgvo-gesetz.de\/art-21-dsgvo\/\">Art<\/a><a href=\"https:\/\/dsgvo-gesetz.de\/art-21-dsgvo\/\"><span lang=\"de-DE\">.<\/span><\/a><a href=\"https:\/\/dsgvo-gesetz.de\/art-21-dsgvo\/\"> 21<\/a>&nbsp;Abs<span lang=\"de-DE\">.<\/span> 1 DSGVO eingelegt haben, solange noch nicht feststeht, ob die berechtigten Gr\u00fcnde unseres Unternehmens gegen\u00fcber den Ihren \u00fcberwiegen.<\/p>\n<\/li>\n<\/ul>\n<p lang=\"de-DE\" align=\"LEFT\"><em>6.5 Recht auf Daten\u00fcbertragbarkeit<\/em><\/p>\n<p align=\"LEFT\">Sie haben das Recht, Sie betreffende personenbezogene Daten maschinenlesbar zu erhalten, zu \u00fcbermitteln, oder von uns \u00fcbermitteln zu lasen.<\/p>\n<p align=\"LEFT\">Im Einzelnen:<\/p>\n<p align=\"LEFT\">Sie haben das Recht, die Sie betreffenden personenbezogenen Daten, die <span lang=\"de-DE\">Sie <\/span>uns bereitgestellt haben, in einem strukturierten, g\u00e4ngigen und maschinenlesbaren Format zu erhalten, und Sie haben das Recht, diese Daten einem anderen Verantwortlichen ohne Behinderung durch uns zu \u00fcbermitteln, sofern<\/p>\n<ul>\n<li>\n<p align=\"LEFT\">die Verarbeitung auf einer Einwilligung gem\u00e4\u00df&nbsp;<a href=\"https:\/\/dsgvo-gesetz.de\/art-6-dsgvo\/\">Art<\/a><a href=\"https:\/\/dsgvo-gesetz.de\/art-6-dsgvo\/\"><span lang=\"de-DE\">.<\/span><\/a><a href=\"https:\/\/dsgvo-gesetz.de\/art-6-dsgvo\/\"> 6<\/a>&nbsp;Abs<span lang=\"de-DE\">.<\/span> 1<span lang=\"de-DE\"> S. 1<\/span> a<span lang=\"de-DE\">)<\/span> DSGVO oder&nbsp;<a href=\"https:\/\/dsgvo-gesetz.de\/art-9-dsgvo\/\">Art<\/a><a href=\"https:\/\/dsgvo-gesetz.de\/art-9-dsgvo\/\"><span lang=\"de-DE\">.<\/span><\/a><a href=\"https:\/\/dsgvo-gesetz.de\/art-9-dsgvo\/\"> 9<\/a>&nbsp;Abs<span lang=\"de-DE\">.<\/span> 2 a<span lang=\"de-DE\">)<\/span> DSGVO oder auf einem Vertrag gem\u00e4\u00df&nbsp;<a href=\"https:\/\/dsgvo-gesetz.de\/art-6-dsgvo\/\">Art<\/a><a href=\"https:\/\/dsgvo-gesetz.de\/art-6-dsgvo\/\"><span lang=\"de-DE\">.<\/span><\/a><a href=\"https:\/\/dsgvo-gesetz.de\/art-6-dsgvo\/\"> 6<\/a>&nbsp;Abs<span lang=\"de-DE\">.<\/span> 1<span lang=\"de-DE\"> S. 1<\/span> b<span lang=\"de-DE\">)<\/span> DSGVO beruht und<\/p>\n<\/li>\n<li>\n<p align=\"LEFT\">die Verarbeitung mithilfe automatisierter Verfahren erfolgt.<\/p>\n<\/li>\n<\/ul>\n<p align=\"LEFT\">Bei der Aus\u00fcbung <span lang=\"de-DE\">I<\/span>hres Rechts auf Daten\u00fcbertragbarkeit gem\u00e4\u00df Absatz 1 <span lang=\"de-DE\">haben Sie <\/span>das Recht, zu erwirken, dass die personenbezogenen Daten direkt von <span lang=\"de-DE\">uns<\/span> einem anderen Verantwortlichen \u00fcbermittelt werden, soweit dies technisch machbar ist.<\/p>\n<p lang=\"de-DE\" align=\"LEFT\"><em>6.6 Widerspruchsrecht<\/em><\/p>\n<p align=\"LEFT\">Sie haben das Recht, aus einer rechtm\u00e4\u00dfigen Verarbeitung Ihrer personenbezogenen Daten durch uns zu widersprechen, wenn sich dies aus Ihrer besonderen Situation begr\u00fcndet und unsere Interessen an der Verarbeitung nicht \u00fcberwiegen.<\/p>\n<p align=\"LEFT\">Im Einzelnen:<\/p>\n<p align=\"LEFT\">Sie haben das Recht, aus Gr\u00fcnden, die sich aus Ihrer besonderen Situation ergeben, jederzeit gegen die Verarbeitung <span lang=\"de-DE\">S<\/span>ie betreffender personenbezogener Daten, die aufgrund von&nbsp;<a href=\"https:\/\/dsgvo-gesetz.de\/art-6-dsgvo\/\">Art<\/a><a href=\"https:\/\/dsgvo-gesetz.de\/art-6-dsgvo\/\"><span lang=\"de-DE\">.<\/span><\/a><a href=\"https:\/\/dsgvo-gesetz.de\/art-6-dsgvo\/\"> 6<\/a>&nbsp;Abs<span lang=\"de-DE\">.<\/span> 1<span lang=\"de-DE\"> S. 1<\/span> e<span lang=\"de-DE\">)<\/span> oder f<span lang=\"de-DE\">)<\/span> DSGVO erfolgt, Widerspruch einzulegen; dies gilt auch f\u00fcr ein auf diese Bestimmungen gest\u00fctztes Profiling. Wir verarbeiten die personenbezogenen Daten nicht mehr, es sei denn, wir k\u00f6nnen zwingende schutzw\u00fcrdige Gr\u00fcnde f\u00fcr die Verarbeitung nachweisen, die Ihre Interessen, Rechte und Freiheiten \u00fcberwiegen, oder die Verarbeitung dient der Geltendmachung, Aus\u00fcbung oder Verteidigung von Rechtsanspr\u00fcchen.<\/p>\n<p align=\"LEFT\">Werden personenbezogene Daten von uns verarbeitet, um Direktwerbung zu betreiben, so haben Sie das Recht, jederzeit Widerspruch gegen die Verarbeitung Sie betreffender personenbezogener Daten zum Zwecke derartiger Werbung einzulegen; dies gilt auch f\u00fcr das Profiling, soweit es mit solcher Direktwerbung in Verbindung steht.<\/p>\n<p align=\"LEFT\">Sie haben das Recht, aus Gr\u00fcnden, die sich aus Ihrer besonderen Situation ergeben, gegen die Sie betreffende Verarbeitung <span lang=\"de-DE\">S<\/span>ie betreffender personenbezogener Daten, die zu wissenschaftlichen oder historischen Forschungszwecken oder zu statistischen Zwecken gem\u00e4\u00df&nbsp;<a href=\"https:\/\/dsgvo-gesetz.de\/art-89-dsgvo\/\">Art<\/a><a href=\"https:\/\/dsgvo-gesetz.de\/art-89-dsgvo\/\"><span lang=\"de-DE\">.<\/span><\/a><a href=\"https:\/\/dsgvo-gesetz.de\/art-89-dsgvo\/\"> 89<\/a>&nbsp;Abs<span lang=\"de-DE\">.<\/span> 1 DSGVO erfolgt, Widerspruch einzulegen, es sei denn, die Verarbeitung ist zur Erf\u00fcllung einer im \u00f6ffentlichen Interesse liegenden Aufgabe erforderlich.<\/p>\n<p lang=\"de-DE\" align=\"LEFT\"><em>6.7 Automatisierte Entscheidungen einschlie\u00dflich Profiling<\/em><\/p>\n<p align=\"LEFT\"><span lang=\"de-DE\">Sie haben<\/span> das Recht, nicht einer ausschlie\u00dflich auf einer automatisierten Verarbeitung \u2013 einschlie\u00dflich Profiling \u2013 beruhenden Entscheidung unterworfen zu werden, die <span lang=\"de-DE\">Ihnen<\/span> gegen\u00fcber rechtliche Wirkung entfaltet oder <span lang=\"de-DE\">S<\/span>ie in \u00e4hnlicher Weise erheblich beeintr\u00e4chtigt.<\/p>\n<p lang=\"de-DE\" align=\"LEFT\">Eine automatisierte Entscheidungsfindung auf der Grundlage der erhobenen personenbezogenen Daten findet nicht statt.<\/p>\n<p lang=\"de-DE\" align=\"LEFT\"><em>6.8 Recht auf Widerruf einer datenschutzrechtlichen Einwilligung<\/em><\/p>\n<p align=\"LEFT\">Sie haben das Recht, eine Einwilligung zur Verarbeitung personenbezogener Daten jederzeit zu widerrufen.<\/p>\n<p lang=\"de-DE\" align=\"LEFT\"><em>6.9 Recht auf Beschwerde bei einer Aufsichtsbeh\u00f6rde<\/em><\/p>\n<p align=\"LEFT\"><span lang=\"de-DE\">Sie haben<\/span> das Recht auf Beschwerde bei einer Aufsichtsbeh\u00f6rde, insbesondere in dem Mitgliedstaat <span lang=\"de-DE\">I<\/span>hres Aufenthaltsorts, <span lang=\"de-DE\">I<\/span>hres Arbeitsplatzes oder des Orts des mutma\u00dflichen Versto\u00dfes, <span lang=\"de-DE\">wenn Sie<\/span> der Ansicht <span lang=\"de-DE\">sind<\/span>, dass die Verarbeitung der <span lang=\"de-DE\">S<\/span>ie betreffenden personenbezogenen Daten <span lang=\"de-DE\">rechtswidrig ist<\/span>.<\/p>\n<p lang=\"de-DE\" align=\"LEFT\"><strong>7. Datensicherheit<\/strong><\/p>\n<p align=\"LEFT\">Wir sind um die Sicherheit Ihrer Daten im Rahmen der geltenden Datenschutzgesetze und technischen M\u00f6glichkeiten maximal bem\u00fcht.<\/p>\n<p align=\"LEFT\">Ihre pers\u00f6nlichen Daten werden bei uns verschl\u00fcsselt \u00fcbertragen. Dies gilt f\u00fcr Ihre Bestellungen und auch f\u00fcr das Kundenlogin. Wir nutzen das Codierungssystem SSL (Secure Socket Layer), weisen jedoch darauf hin, dass die Daten\u00fcbertragung im Internet (z.B. bei der Kommunikation per E-Mail) Sicherheitsl\u00fccken aufweisen kann. Ein l\u00fcckenloser Schutz der Daten vor dem Zugriff durch Dritte ist nicht m\u00f6glich.<\/p>\n<p lang=\"de-DE\" align=\"LEFT\">Zur Sicherung Ihrer Daten unterhalten wir technische und organisatorische Sicherungsma\u00dfnahmen entsprechend Art. 32 DSGVO, die wir immer wieder dem Stand der Technik anpassen.<\/p>\n<p align=\"LEFT\"><a name=\"_GoBack\"><\/a>Wir gew\u00e4hrleisten au\u00dferdem nicht, dass unser Angebot zu bestimmten Zeiten zur Verf\u00fcgung steht; St\u00f6rungen, Unterbrechungen oder Ausf\u00e4lle k\u00f6nnen nicht ausgeschlossen werden. Die <span lang=\"de-DE\">von uns verwendeten <\/span>Server werden regelm\u00e4\u00dfig sorgf\u00e4ltig gesichert.<\/p>\n<p align=\"LEFT\"><strong>8. Datenschutzbestimmungen zu Einsatz und Verwendung von Facebook<\/strong><\/p>\n<p align=\"LEFT\">Der f\u00fcr die Verarbeitung Verantwortliche hat auf dieser Internetseite Komponenten des Unternehmens Facebook integriert. Facebook ist ein soziales Netzwerk.<\/p>\n<p align=\"LEFT\">Ein soziales Netzwerk ist ein im Internet betriebener sozialer Treffpunkt, eine Online-Gemeinschaft, die es den Nutzern in der Regel erm\u00f6glicht, untereinander zu kommunizieren und im virtuellen Raum zu interagieren. Ein soziales Netzwerk kann als Plattform zum Austausch von Meinungen und Erfahrungen dienen oder erm\u00f6glicht es der Internetgemeinschaft, pers\u00f6nliche oder unternehmensbezogene Informationen bereitzustellen. Facebook erm\u00f6glicht den Nutzern des sozialen Netzwerkes unter anderem die Erstellung von privaten Profilen, den Upload von Fotos und eine Vernetzung \u00fcber Freundschaftsanfragen.<\/p>\n<p align=\"LEFT\">Betreibergesellschaft von Facebook ist die Facebook, Inc., 1 Hacker Way, Menlo Park, CA 94025, USA. F\u00fcr die Verarbeitung personenbezogener Daten Verantwortlicher ist, wenn eine betroffene Person au\u00dferhalb der USA oder Kanada lebt, die Facebook Ireland Ltd., 4 Grand Canal Square, Grand Canal Harbour, Dublin 2, Ireland.<\/p>\n<p align=\"LEFT\">Durch jeden Aufruf einer der Einzelseiten dieser Internetseite, die durch den f\u00fcr die Verarbeitung Verantwortlichen betrieben wird und auf welcher eine Facebook-Komponente (Facebook-Plug-In) integriert wurde, wird der Internetbrowser auf dem informationstechnologischen System der betroffenen Person automatisch durch die jeweilige Facebook-Komponente veranlasst, eine Darstellung der entsprechenden Facebook-Komponente von Facebook herunterzuladen. Eine Gesamt\u00fcbersicht \u00fcber alle Facebook-Plug-Ins kann unter https:\/\/developers.facebook.com\/docs\/plugins\/?locale=de_DE abgerufen werden. Im Rahmen dieses technischen Verfahrens erh\u00e4lt Facebook Kenntnis dar\u00fcber, welche konkrete Unterseite unserer Internetseite durch die betroffene Person besucht wird.<\/p>\n<p align=\"LEFT\">Sofern die betroffene Person gleichzeitig bei Facebook eingeloggt ist, erkennt Facebook mit jedem Aufruf unserer Internetseite durch die betroffene Person und w\u00e4hrend der gesamten Dauer des jeweiligen Aufenthaltes auf unserer Internetseite, welche konkrete Unterseite unserer Internetseite die betroffene Person besucht. Diese Informationen werden durch die Facebook-Komponente gesammelt und durch Facebook dem jeweiligen Facebook-Account der betroffenen Person zugeordnet. Bet\u00e4tigt die betroffene Person einen der auf unserer Internetseite integrierten Facebook-Buttons, beispielsweise den \u201eGef\u00e4llt mir\u201c-Button, oder gibt die betroffene Person einen Kommentar ab, ordnet Facebook diese Information dem pers\u00f6nlichen Facebook-Benutzerkonto der betroffenen Person zu und speichert diese personenbezogenen Daten.<\/p>\n<p align=\"LEFT\">Facebook erh\u00e4lt \u00fcber die Facebook-Komponente immer dann eine Information dar\u00fcber, dass die betroffene Person unsere Internetseite besucht hat, wenn die betroffene Person zum Zeitpunkt des Aufrufs unserer Internetseite gleichzeitig bei Facebook eingeloggt ist; dies findet unabh\u00e4ngig davon statt, ob die betroffene Person die Facebook-Komponente anklickt oder nicht. Ist eine derartige \u00dcbermittlung dieser Informationen an Facebook von der betroffenen Person nicht gewollt, kann diese die \u00dcbermittlung dadurch verhindern, dass sie sich vor einem Aufruf unserer Internetseite aus ihrem Facebook-Account ausloggt.<\/p>\n<p align=\"LEFT\">Die von Facebook ver\u00f6ffentlichte Datenrichtlinie, die unter https:\/\/de-de.facebook.com\/about\/privacy\/ abrufbar ist, gibt Aufschluss \u00fcber die Erhebung, Verarbeitung und Nutzung personenbezogener Daten durch Facebook. Ferner wird dort erl\u00e4utert, welche Einstellungsm\u00f6glichkeiten Facebook zum Schutz der Privatsph\u00e4re der betroffenen Person bietet. Zudem sind unterschiedliche Applikationen erh\u00e4ltlich, die es erm\u00f6glichen, eine Daten\u00fcbermittlung an Facebook zu unterdr\u00fccken. Solche Applikationen k\u00f6nnen durch die betroffene Person genutzt werden, um eine Daten\u00fcbermittlung an Facebook zu unterdr\u00fccken.<\/p>\n<p align=\"LEFT\"><strong>9. Datenschutzbestimmungen zu Einsatz und Verwendung von Google Analytics (mit Anonymisierungsfunktion)<\/strong><\/p>\n<p align=\"LEFT\">Der f\u00fcr die Verarbeitung Verantwortliche hat auf dieser Internetseite die Komponente Google Analytics (mit Anonymisierungsfunktion) integriert. Google Analytics ist ein Web-Analyse-Dienst. Web-Analyse ist die Erhebung, Sammlung und Auswertung von Daten \u00fcber das Verhalten von Besuchern von Internetseiten. Ein Web-Analyse-Dienst erfasst unter anderem Daten dar\u00fcber, von welcher Internetseite eine betroffene Person auf eine Internetseite gekommen ist (sogenannte Referrer), auf welche Unterseiten der Internetseite zugegriffen oder wie oft und f\u00fcr welche Verweildauer eine Unterseite betrachtet wurde. Eine Web-Analyse wird \u00fcberwiegend zur Optimierung einer Internetseite und zur Kosten-Nutzen-Analyse von Internetwerbung eingesetzt.<\/p>\n<p align=\"LEFT\">Betreibergesellschaft der Google-Analytics-Komponente ist die Google Inc., 1600 Amphitheatre Pkwy, Mountain View, CA 94043-1351, USA.<\/p>\n<p align=\"LEFT\">Der f\u00fcr die Verarbeitung Verantwortliche verwendet f\u00fcr die Web-Analyse \u00fcber Google Analytics den Zusatz &#8220;_gat._anonymizeIp&#8221;. Mittels dieses Zusatzes wird die IP-Adresse des Internetanschlusses der betroffenen Person von Google gek\u00fcrzt und anonymisiert, wenn der Zugriff auf unsere Internetseiten aus einem Mitgliedstaat der Europ\u00e4ischen Union oder aus einem anderen Vertragsstaat des Abkommens \u00fcber den Europ\u00e4ischen Wirtschaftsraum erfolgt.<\/p>\n<p align=\"LEFT\">Der Zweck der Google-Analytics-Komponente ist die Analyse der Besucherstr\u00f6me auf unserer Internetseite. Google nutzt die gewonnenen Daten und Informationen unter anderem dazu, die Nutzung unserer Internetseite auszuwerten, um f\u00fcr uns Online-Reports, welche die Aktivit\u00e4ten auf unseren Internetseiten aufzeigen, zusammenzustellen, und um weitere mit der Nutzung unserer Internetseite in Verbindung stehende Dienstleistungen zu erbringen.<\/p>\n<p align=\"LEFT\">Google Analytics setzt ein Cookie auf dem informationstechnologischen System der betroffenen Person. Was Cookies sind, wurde oben bereits erl\u00e4utert. Mit Setzung des Cookies wird Google eine Analyse der Benutzung unserer Internetseite erm\u00f6glicht. Durch jeden Aufruf einer der Einzelseiten dieser Internetseite, die durch den f\u00fcr die Verarbeitung Verantwortlichen betrieben wird und auf welcher eine Google-Analytics-Komponente integriert wurde, wird der Internetbrowser auf dem informationstechnologischen System der betroffenen Person automatisch durch die jeweilige Google-Analytics-Komponente veranlasst, Daten zum Zwecke der Online-Analyse an Google zu \u00fcbermitteln. Im Rahmen dieses technischen Verfahrens erh\u00e4lt Google Kenntnis \u00fcber personenbezogene Daten, wie der IP-Adresse der betroffenen Person, die Google unter anderem dazu dienen, die Herkunft der Besucher und Klicks nachzuvollziehen und in der Folge Provisionsabrechnungen zu erm\u00f6glichen.<\/p>\n<p align=\"LEFT\">Mittels des Cookies werden personenbezogene Informationen, beispielsweise die Zugriffszeit, der Ort, von welchem ein Zugriff ausging und die H\u00e4ufigkeit der Besuche unserer Internetseite durch die betroffene Person, gespeichert. Bei jedem Besuch unserer Internetseiten werden diese personenbezogenen Daten, einschlie\u00dflich der IP-Adresse des von der betroffenen Person genutzten Internetanschlusses, an Google in den Vereinigten Staaten von Amerika \u00fcbertragen. Diese personenbezogenen Daten werden durch Google in den Vereinigten Staaten von Amerika gespeichert. Google gibt diese \u00fcber das technische Verfahren erhobenen personenbezogenen Daten unter Umst\u00e4nden an Dritte weiter.<\/p>\n<p align=\"LEFT\">Die betroffene Person kann die Setzung von Cookies durch unsere Internetseite, wie oben bereits dargestellt, jederzeit mittels einer entsprechenden Einstellung des genutzten Internetbrowsers verhindern und damit der Setzung von Cookies dauerhaft widersprechen. Eine solche Einstellung des genutzten Internetbrowsers w\u00fcrde auch verhindern, dass Google ein Cookie auf dem informationstechnologischen System der betroffenen Person setzt. Zudem kann ein von Google Analytics bereits gesetzter Cookie jederzeit \u00fcber den Internetbrowser oder andere Softwareprogramme gel\u00f6scht werden.<\/p>\n<p align=\"LEFT\">Ferner besteht f\u00fcr die betroffene Person die M\u00f6glichkeit, einer Erfassung der durch Google Analytics erzeugten, auf eine Nutzung dieser Internetseite bezogenen Daten sowie der Verarbeitung dieser Daten durch Google zu widersprechen und eine solche zu verhindern. Hierzu muss die betroffene Person ein Browser-Add-On unter dem Link https:\/\/tools.google.com\/dlpage\/gaoptout herunterladen und installieren. Dieses Browser-Add-On teilt Google Analytics \u00fcber JavaScript mit, dass keine Daten und Informationen zu den Besuchen von Internetseiten an Google Analytics \u00fcbermittelt werden d\u00fcrfen. Die Installation des Browser-Add-Ons wird von Google als Widerspruch gewertet. Wird das informationstechnologische System der betroffenen Person zu einem sp\u00e4teren Zeitpunkt gel\u00f6scht, formatiert oder neu installiert, muss durch die betroffene Person eine erneute Installation des Browser-Add-Ons erfolgen, um Google Analytics zu deaktivieren. Sofern das Browser-Add-On durch die betroffene Person oder einer anderen Person, die ihrem Machtbereich zuzurechnen ist, deinstalliert oder deaktiviert wird, besteht die M\u00f6glichkeit der Neuinstallation oder der erneuten Aktivierung des Browser-Add-Ons.<\/p>\n<p align=\"LEFT\">Weitere Informationen und die geltenden Datenschutzbestimmungen von Google k\u00f6nnen unter https:\/\/www.google.de\/intl\/de\/policies\/privacy\/ und unter http:\/\/www.google.com\/analytics\/terms\/de.html abgerufen werden. Google Analytics wird unter diesem Link https:\/\/www.google.com\/intl\/de_de\/analytics\/ genauer erl\u00e4utert.<\/p>\n<p align=\"LEFT\"><strong>10. Datenschutzbestimmungen zu Einsatz und Verwendung von Google-AdWords<\/strong><\/p>\n<p align=\"LEFT\">Der f\u00fcr die Verarbeitung Verantwortliche hat auf dieser Internetseite Google AdWords integriert. Google AdWords ist ein Dienst zur Internetwerbung, der es Werbetreibenden gestattet, sowohl Anzeigen in den Suchmaschinenergebnissen von Google als auch im Google-Werbenetzwerk zu schalten. Google AdWords erm\u00f6glicht es einem Werbetreibenden, vorab bestimmte Schl\u00fcsselw\u00f6rter festzulegen, mittels derer eine Anzeige in den Suchmaschinenergebnissen von Google ausschlie\u00dflich dann angezeigt wird, wenn der Nutzer mit der Suchmaschine ein schl\u00fcsselwortrelevantes Suchergebnis abruft. Im Google-Werbenetzwerk werden die Anzeigen mittels eines automatischen Algorithmus und unter Beachtung der zuvor festgelegten Schl\u00fcsselw\u00f6rter auf themenrelevanten Internetseiten verteilt.<\/p>\n<p align=\"LEFT\">Betreibergesellschaft der Dienste von Google AdWords ist die Google Inc., 1600 Amphitheatre Pkwy, Mountain View, CA 94043-1351, USA.<\/p>\n<p align=\"LEFT\">Der Zweck von Google AdWords ist die Bewerbung unserer Internetseite durch die Einblendung von interessenrelevanter Werbung auf den Internetseiten von Drittunternehmen und in den Suchmaschinenergebnissen der Suchmaschine Google und eine Einblendung von Fremdwerbung auf unserer Internetseite.<\/p>\n<p align=\"LEFT\">Gelangt eine betroffene Person \u00fcber eine Google-Anzeige auf unsere Internetseite, wird auf dem informationstechnologischen System der betroffenen Person durch Google ein sogenannter Conversion-Cookie abgelegt. Was Cookies sind, wurde oben bereits erl\u00e4utert. Ein Conversion-Cookie verliert nach drei\u00dfig Tagen seine G\u00fcltigkeit und dient nicht zur Identifikation der betroffenen Person. \u00dcber den Conversion-Cookie wird, sofern das Cookie noch nicht abgelaufen ist, nachvollzogen, ob bestimmte Unterseiten, beispielsweise der Warenkorb von einem Online-Shop-System, auf unserer Internetseite aufgerufen wurden. Durch den Conversion-Cookie k\u00f6nnen sowohl wir als auch Google nachvollziehen, ob eine betroffene Person, die \u00fcber eine AdWords-Anzeige auf unsere Internetseite gelangt ist, einen Umsatz generierte, also einen Warenkauf vollzogen oder abgebrochen hat.<\/p>\n<p align=\"LEFT\">Die durch die Nutzung des Conversion-Cookies erhobenen Daten und Informationen werden von Google verwendet, um Besuchsstatistiken f\u00fcr unsere Internetseite zu erstellen. Diese Besuchsstatistiken werden durch uns wiederum genutzt, um die Gesamtanzahl der Nutzer zu ermitteln, welche \u00fcber AdWords-Anzeigen an uns vermittelt wurden, also um den Erfolg oder Misserfolg der jeweiligen AdWords-Anzeige zu ermitteln und um unsere AdWords-Anzeigen f\u00fcr die Zukunft zu optimieren. Weder unser Unternehmen noch andere Werbekunden von Google-AdWords erhalten Informationen von Google, mittels derer die betroffene Person identifiziert werden k\u00f6nnte.<\/p>\n<p align=\"LEFT\">Mittels des Conversion-Cookies werden personenbezogene Informationen, beispielsweise die durch die betroffene Person besuchten Internetseiten, gespeichert. Bei jedem Besuch unserer Internetseiten werden demnach personenbezogene Daten, einschlie\u00dflich der IP-Adresse des von der betroffenen Person genutzten Internetanschlusses, an Google in den Vereinigten Staaten von Amerika \u00fcbertragen. Diese personenbezogenen Daten werden durch Google in den Vereinigten Staaten von Amerika gespeichert. Google gibt diese \u00fcber das technische Verfahren erhobenen personenbezogenen Daten unter Umst\u00e4nden an Dritte weiter.<\/p>\n<p align=\"LEFT\">Die betroffene Person kann die Setzung von Cookies durch unsere Internetseite, wie oben bereits dargestellt, jederzeit mittels einer entsprechenden Einstellung des genutzten Internetbrowsers verhindern und damit der Setzung von Cookies dauerhaft widersprechen. Eine solche Einstellung des genutzten Internetbrowsers w\u00fcrde auch verhindern, dass Google einen Conversion-Cookie auf dem informationstechnologischen System der betroffenen Person setzt. Zudem kann ein von Google AdWords bereits gesetzter Cookie jederzeit \u00fcber den Internetbrowser oder andere Softwareprogramme gel\u00f6scht werden.<\/p>\n<p align=\"LEFT\">Ferner besteht f\u00fcr die betroffene Person die M\u00f6glichkeit, der interessenbezogenen Werbung durch Google zu widersprechen. Hierzu muss die betroffene Person von jedem der von ihr genutzten Internetbrowser aus den Link www.google.de\/settings\/ads aufrufen und dort die gew\u00fcnschten Einstellungen vornehmen.<\/p>\n<p align=\"LEFT\">Weitere Informationen und die geltenden Datenschutzbestimmungen von Google k\u00f6nnen unter https:\/\/www.google.de\/intl\/de\/policies\/privacy\/ abgerufen werden.<\/p>\n<p><strong>11. Datenschutzbestimmungen zu Einsatz und Verwendung von Instagram<\/strong><\/p>\n<p align=\"LEFT\">Der f\u00fcr die Verarbeitung Verantwortliche hat auf dieser Internetseite Komponenten des Dienstes Instagram integriert. Instagram ist ein Dienst, der als audiovisuelle Plattform zu qualifizieren ist und den Nutzern das Teilen von Fotos und Videos und zudem eine Weiterverbreitung solcher Daten in anderen sozialen Netzwerken erm\u00f6glicht.<\/p>\n<p align=\"LEFT\">Betreibergesellschaft der Dienste von Instagram ist die Instagram LLC, 1 Hacker Way, Building 14 First Floor, Menlo Park, CA, USA.<\/p>\n<p align=\"LEFT\">Durch jeden Aufruf einer der Einzelseiten dieser Internetseite, die durch den f\u00fcr die Verarbeitung Verantwortlichen betrieben wird und auf welcher eine Instagram-Komponente (Insta-Button) integriert wurde, wird der Internetbrowser auf dem informationstechnologischen System der betroffenen Person automatisch durch die jeweilige Instagram-Komponente veranlasst, eine Darstellung der entsprechenden Komponente von Instagram herunterzuladen. Im Rahmen dieses technischen Verfahrens erh\u00e4lt Instagram Kenntnis dar\u00fcber, welche konkrete Unterseite unserer Internetseite durch die betroffene Person besucht wird.<\/p>\n<p align=\"LEFT\">Sofern die betroffene Person gleichzeitig bei Instagram eingeloggt ist, erkennt Instagram mit jedem Aufruf unserer Internetseite durch die betroffene Person und w\u00e4hrend der gesamten Dauer des jeweiligen Aufenthaltes auf unserer Internetseite, welche konkrete Unterseite die betroffene Person besucht. Diese Informationen werden durch die Instagram-Komponente gesammelt und durch Instagram dem jeweiligen Instagram-Account der betroffenen Person zugeordnet. Bet\u00e4tigt die betroffene Person einen der auf unserer Internetseite integrierten Instagram-Buttons, werden die damit \u00fcbertragenen Daten und Informationen dem pers\u00f6nlichen Instagram-Benutzerkonto der betroffenen Person zugeordnet und von Instagram gespeichert und verarbeitet.<\/p>\n<p align=\"LEFT\">Instagram erh\u00e4lt \u00fcber die Instagram-Komponente immer dann eine Information dar\u00fcber, dass die betroffene Person unsere Internetseite besucht hat, wenn die betroffene Person zum Zeitpunkt des Aufrufs unserer Internetseite gleichzeitig bei Instagram eingeloggt ist; dies findet unabh\u00e4ngig davon statt, ob die betroffene Person die Instagram-Komponente anklickt oder nicht. Ist eine derartige \u00dcbermittlung dieser Informationen an Instagram von der betroffenen Person nicht gewollt, kann diese die \u00dcbermittlung dadurch verhindern, dass sie sich vor einem Aufruf unserer Internetseite aus ihrem Instagram-Account ausloggt.<\/p>\n<p align=\"LEFT\">Weitere Informationen und die geltenden Datenschutzbestimmungen von Instagram k\u00f6nnen unter https:\/\/help.instagram.com\/155833707900388 und https:\/\/www.instagram.com\/about\/legal\/privacy\/ abgerufen werden.<\/p>\n<p align=\"LEFT\"><strong>12. Datenschutzbestimmungen zu Einsatz und Verwendung von Twitter<\/strong><\/p>\n<p align=\"LEFT\">Der f\u00fcr die Verarbeitung Verantwortliche hat auf dieser Internetseite Komponenten von Twitter integriert. Twitter ist ein multilingualer \u00f6ffentlich zug\u00e4nglicher Mikroblogging-Dienst, auf welchem die Nutzer sogenannte Tweets, also Kurznachrichten, die auf 280 Zeichen begrenzt sind, ver\u00f6ffentlichen und verbreiten k\u00f6nnen. Diese Kurznachrichten sind f\u00fcr jedermann, also auch f\u00fcr nicht bei Twitter angemeldete Personen abrufbar. Die Tweets werden aber auch den sogenannten Followern des jeweiligen Nutzers angezeigt. Follower sind andere Twitter-Nutzer, die den Tweets eines Nutzers folgen. Ferner erm\u00f6glicht Twitter \u00fcber Hashtags, Verlinkungen oder Retweets die Ansprache eines breiten Publikums.<\/p>\n<p align=\"LEFT\">Betreibergesellschaft von Twitter ist die Twitter, Inc., 1355 Market Street, Suite 900, San Francisco, CA 94103, USA.<\/p>\n<p align=\"LEFT\">Durch jeden Aufruf einer der Einzelseiten dieser Internetseite, die durch den f\u00fcr die Verarbeitung Verantwortlichen betrieben wird und auf welcher eine Twitter-Komponente (Twitter-Button) integriert wurde, wird der Internetbrowser auf dem informationstechnologischen System der betroffenen Person automatisch durch die jeweilige Twitter-Komponente veranlasst, eine Darstellung der entsprechenden Twitter-Komponente von Twitter herunterzuladen. Weitere Informationen zu den Twitter-Buttons sind unter https:\/\/about.twitter.com\/de\/resources\/buttons abrufbar. Im Rahmen dieses technischen Verfahrens erh\u00e4lt Twitter Kenntnis dar\u00fcber, welche konkrete Unterseite unserer Internetseite durch die betroffene Person besucht wird. Zweck der Integration der Twitter-Komponente ist es, unseren Nutzern eine Weiterverbreitung der Inhalte diese Internetseite zu erm\u00f6glichen, diese Internetseite in der digitalen Welt bekannt zu machen und unsere Besucherzahlen zu erh\u00f6hen.<\/p>\n<p align=\"LEFT\">Sofern die betroffene Person gleichzeitig bei Twitter eingeloggt ist, erkennt Twitter mit jedem Aufruf unserer Internetseite durch die betroffene Person und w\u00e4hrend der gesamten Dauer des jeweiligen Aufenthaltes auf unserer Internetseite, welche konkrete Unterseite unserer Internetseite die betroffene Person besucht. Diese Informationen werden durch die Twitter-Komponente gesammelt und durch Twitter dem jeweiligen Twitter-Account der betroffenen Person zugeordnet. Bet\u00e4tigt die betroffene Person einen der auf unserer Internetseite integrierten Twitter-Buttons, werden die damit \u00fcbertragenen Daten und Informationen dem pers\u00f6nlichen Twitter-Benutzerkonto der betroffenen Person zugeordnet und von Twitter gespeichert und verarbeitet.<\/p>\n<p align=\"LEFT\">Twitter erh\u00e4lt \u00fcber die Twitter-Komponente immer dann eine Information dar\u00fcber, dass die betroffene Person unsere Internetseite besucht hat, wenn die betroffene Person zum Zeitpunkt des Aufrufs unserer Internetseite gleichzeitig bei Twitter eingeloggt ist; dies findet unabh\u00e4ngig davon statt, ob die betroffene Person die Twitter-Komponente anklickt oder nicht. Ist eine derartige \u00dcbermittlung dieser Informationen an Twitter von der betroffenen Person nicht gewollt, kann diese die \u00dcbermittlung dadurch verhindern, dass sie sich vor einem Aufruf unserer Internetseite aus ihrem Twitter-Account ausloggt.<\/p>\n<p align=\"LEFT\">Die geltenden Datenschutzbestimmungen von Twitter sind unter https:\/\/twitter.com\/privacy?lang=de abrufbar.<\/p>\n<p><strong>13. Aktualit\u00e4t und \u00c4nderung dieser Datenschutzerkl\u00e4rung<\/strong><\/p>\n<p>Diese Datenschutzerkl\u00e4rung richtet sich nach den Anforderungen der ab Mai 2018 geltenden Datenschutzgrundverordnung, sowie des Bundesdatenschutzgesetzes (neu). Sie wird laufend aktualisiert.<\/p>\n<p align=\"LEFT\">.<\/p>\n<p align=\"LEFT\">\n<\/p>\t\t\t\t\t\t\t\t<\/div>\n\t\t\t\t<\/div>\n\t\t\t\t\t<\/div>\n\t\t<\/div>\n\t\t\t\t\t<\/div>\n\t\t<\/section>\n\t\t\t\t<\/div>\n\t\t","protected":false},"excerpt":{"rendered":"","protected":false},"author":1,"featured_media":0,"parent":0,"menu_order":0,"comment_status":"closed","ping_status":"closed","template":"","meta":{"footnotes":""},"class_list":["post-3971","page","type-page","status-publish","hentry"],"yoast_head":"<!-- This site is optimized with the Yoast SEO plugin v24.6 - https:\/\/yoast.com\/wordpress\/plugins\/seo\/ -->\n<title>Datenschutz - Marcus Braun | Hochzeitsfotograf<\/title>\n<meta name=\"robots\" content=\"index, follow, max-snippet:-1, max-image-preview:large, max-video-preview:-1\" \/>\n<link rel=\"canonical\" href=\"https:\/\/www.mb-fotografie.de\/website\/datenschutz\/\" \/>\n<meta property=\"og:locale\" content=\"de_DE\" \/>\n<meta property=\"og:type\" content=\"article\" \/>\n<meta property=\"og:title\" content=\"Datenschutz - Marcus Braun | Hochzeitsfotograf\" \/>\n<meta property=\"og:url\" content=\"https:\/\/www.mb-fotografie.de\/website\/datenschutz\/\" \/>\n<meta property=\"og:site_name\" content=\"Marcus Braun | Hochzeitsfotograf\" \/>\n<meta property=\"article:modified_time\" content=\"2022-10-16T19:55:28+00:00\" \/>\n<meta name=\"twitter:card\" content=\"summary_large_image\" \/>\n<meta name=\"twitter:label1\" content=\"Gesch\u00e4tzte Lesezeit\" \/>\n\t<meta name=\"twitter:data1\" content=\"32\u00a0Minuten\" \/>\n<script type=\"application\/ld+json\" class=\"yoast-schema-graph\">{\"@context\":\"https:\/\/schema.org\",\"@graph\":[{\"@type\":\"WebPage\",\"@id\":\"https:\/\/www.mb-fotografie.de\/website\/datenschutz\/\",\"url\":\"https:\/\/www.mb-fotografie.de\/website\/datenschutz\/\",\"name\":\"Datenschutz - Marcus Braun | Hochzeitsfotograf\",\"isPartOf\":{\"@id\":\"https:\/\/www.mb-fotografie.de\/website\/#website\"},\"datePublished\":\"2018-05-24T20:08:49+00:00\",\"dateModified\":\"2022-10-16T19:55:28+00:00\",\"breadcrumb\":{\"@id\":\"https:\/\/www.mb-fotografie.de\/website\/datenschutz\/#breadcrumb\"},\"inLanguage\":\"de\",\"potentialAction\":[{\"@type\":\"ReadAction\",\"target\":[\"https:\/\/www.mb-fotografie.de\/website\/datenschutz\/\"]}]},{\"@type\":\"BreadcrumbList\",\"@id\":\"https:\/\/www.mb-fotografie.de\/website\/datenschutz\/#breadcrumb\",\"itemListElement\":[{\"@type\":\"ListItem\",\"position\":1,\"name\":\"Startseite\",\"item\":\"https:\/\/www.mb-fotografie.de\/website\/\"},{\"@type\":\"ListItem\",\"position\":2,\"name\":\"Datenschutz\"}]},{\"@type\":\"WebSite\",\"@id\":\"https:\/\/www.mb-fotografie.de\/website\/#website\",\"url\":\"https:\/\/www.mb-fotografie.de\/website\/\",\"name\":\"Marcus Braun | Hochzeitsfotograf\",\"description\":\"Hochzeitsfotograf aus S\u00fcddeutschland mit Leib und Seele\",\"publisher\":{\"@id\":\"https:\/\/www.mb-fotografie.de\/website\/#\/schema\/person\/d7b7c09f7480a0bd09f895c2134a73c7\"},\"potentialAction\":[{\"@type\":\"SearchAction\",\"target\":{\"@type\":\"EntryPoint\",\"urlTemplate\":\"https:\/\/www.mb-fotografie.de\/website\/?s={search_term_string}\"},\"query-input\":{\"@type\":\"PropertyValueSpecification\",\"valueRequired\":true,\"valueName\":\"search_term_string\"}}],\"inLanguage\":\"de\"},{\"@type\":[\"Person\",\"Organization\"],\"@id\":\"https:\/\/www.mb-fotografie.de\/website\/#\/schema\/person\/d7b7c09f7480a0bd09f895c2134a73c7\",\"name\":\"Marcus Braun\",\"image\":{\"@type\":\"ImageObject\",\"inLanguage\":\"de\",\"@id\":\"https:\/\/www.mb-fotografie.de\/website\/#\/schema\/person\/image\/\",\"url\":\"https:\/\/secure.gravatar.com\/avatar\/8bb0261a5805bb8c2ad95c5adb735361?s=96&d=mm&r=pg\",\"contentUrl\":\"https:\/\/secure.gravatar.com\/avatar\/8bb0261a5805bb8c2ad95c5adb735361?s=96&d=mm&r=pg\",\"caption\":\"Marcus Braun\"},\"logo\":{\"@id\":\"https:\/\/www.mb-fotografie.de\/website\/#\/schema\/person\/image\/\"},\"description\":\"Ich bin Hochzeitsfotograf aus Leidenschaft. Meine Bilder transportieren Emotionen und erz\u00e4hlen Geschichten aus dem Leben. Ich setzte modernste Technik ein, um gestalterisch, so frei wie m\u00f6glich arbeiten zu k\u00f6nnen. Vielleicht fotografieren ich ja demn\u00e4chste DEINE Hochzeit ! Wir sehen uns ...\",\"sameAs\":[\"http:\/\/www.mb-fotografie.de\"]}]}<\/script>\n<!-- \/ Yoast SEO plugin. -->","yoast_head_json":{"title":"Datenschutz - Marcus Braun | Hochzeitsfotograf","robots":{"index":"index","follow":"follow","max-snippet":"max-snippet:-1","max-image-preview":"max-image-preview:large","max-video-preview":"max-video-preview:-1"},"canonical":"https:\/\/www.mb-fotografie.de\/website\/datenschutz\/","og_locale":"de_DE","og_type":"article","og_title":"Datenschutz - Marcus Braun | Hochzeitsfotograf","og_url":"https:\/\/www.mb-fotografie.de\/website\/datenschutz\/","og_site_name":"Marcus Braun | Hochzeitsfotograf","article_modified_time":"2022-10-16T19:55:28+00:00","twitter_card":"summary_large_image","twitter_misc":{"Gesch\u00e4tzte Lesezeit":"32\u00a0Minuten"},"schema":{"@context":"https:\/\/schema.org","@graph":[{"@type":"WebPage","@id":"https:\/\/www.mb-fotografie.de\/website\/datenschutz\/","url":"https:\/\/www.mb-fotografie.de\/website\/datenschutz\/","name":"Datenschutz - Marcus Braun | Hochzeitsfotograf","isPartOf":{"@id":"https:\/\/www.mb-fotografie.de\/website\/#website"},"datePublished":"2018-05-24T20:08:49+00:00","dateModified":"2022-10-16T19:55:28+00:00","breadcrumb":{"@id":"https:\/\/www.mb-fotografie.de\/website\/datenschutz\/#breadcrumb"},"inLanguage":"de","potentialAction":[{"@type":"ReadAction","target":["https:\/\/www.mb-fotografie.de\/website\/datenschutz\/"]}]},{"@type":"BreadcrumbList","@id":"https:\/\/www.mb-fotografie.de\/website\/datenschutz\/#breadcrumb","itemListElement":[{"@type":"ListItem","position":1,"name":"Startseite","item":"https:\/\/www.mb-fotografie.de\/website\/"},{"@type":"ListItem","position":2,"name":"Datenschutz"}]},{"@type":"WebSite","@id":"https:\/\/www.mb-fotografie.de\/website\/#website","url":"https:\/\/www.mb-fotografie.de\/website\/","name":"Marcus Braun | Hochzeitsfotograf","description":"Hochzeitsfotograf aus S\u00fcddeutschland mit Leib und Seele","publisher":{"@id":"https:\/\/www.mb-fotografie.de\/website\/#\/schema\/person\/d7b7c09f7480a0bd09f895c2134a73c7"},"potentialAction":[{"@type":"SearchAction","target":{"@type":"EntryPoint","urlTemplate":"https:\/\/www.mb-fotografie.de\/website\/?s={search_term_string}"},"query-input":{"@type":"PropertyValueSpecification","valueRequired":true,"valueName":"search_term_string"}}],"inLanguage":"de"},{"@type":["Person","Organization"],"@id":"https:\/\/www.mb-fotografie.de\/website\/#\/schema\/person\/d7b7c09f7480a0bd09f895c2134a73c7","name":"Marcus Braun","image":{"@type":"ImageObject","inLanguage":"de","@id":"https:\/\/www.mb-fotografie.de\/website\/#\/schema\/person\/image\/","url":"https:\/\/secure.gravatar.com\/avatar\/8bb0261a5805bb8c2ad95c5adb735361?s=96&d=mm&r=pg","contentUrl":"https:\/\/secure.gravatar.com\/avatar\/8bb0261a5805bb8c2ad95c5adb735361?s=96&d=mm&r=pg","caption":"Marcus Braun"},"logo":{"@id":"https:\/\/www.mb-fotografie.de\/website\/#\/schema\/person\/image\/"},"description":"Ich bin Hochzeitsfotograf aus Leidenschaft. Meine Bilder transportieren Emotionen und erz\u00e4hlen Geschichten aus dem Leben. Ich setzte modernste Technik ein, um gestalterisch, so frei wie m\u00f6glich arbeiten zu k\u00f6nnen. Vielleicht fotografieren ich ja demn\u00e4chste DEINE Hochzeit ! Wir sehen uns ...","sameAs":["http:\/\/www.mb-fotografie.de"]}]}},"_links":{"self":[{"href":"https:\/\/www.mb-fotografie.de\/website\/wp-json\/wp\/v2\/pages\/3971","targetHints":{"allow":["GET"]}}],"collection":[{"href":"https:\/\/www.mb-fotografie.de\/website\/wp-json\/wp\/v2\/pages"}],"about":[{"href":"https:\/\/www.mb-fotografie.de\/website\/wp-json\/wp\/v2\/types\/page"}],"author":[{"embeddable":true,"href":"https:\/\/www.mb-fotografie.de\/website\/wp-json\/wp\/v2\/users\/1"}],"replies":[{"embeddable":true,"href":"https:\/\/www.mb-fotografie.de\/website\/wp-json\/wp\/v2\/comments?post=3971"}],"version-history":[{"count":9,"href":"https:\/\/www.mb-fotografie.de\/website\/wp-json\/wp\/v2\/pages\/3971\/revisions"}],"predecessor-version":[{"id":6094,"href":"https:\/\/www.mb-fotografie.de\/website\/wp-json\/wp\/v2\/pages\/3971\/revisions\/6094"}],"wp:attachment":[{"href":"https:\/\/www.mb-fotografie.de\/website\/wp-json\/wp\/v2\/media?parent=3971"}],"curies":[{"name":"wp","href":"https:\/\/api.w.org\/{rel}","templated":true}]}}